{"id":10187,"date":"2024-10-14T13:37:42","date_gmt":"2024-10-14T13:37:42","guid":{"rendered":"https:\/\/advertis.es\/proyecto\/olis-de-catalunya-lessencia-de-loli\/"},"modified":"2024-10-15T14:25:35","modified_gmt":"2024-10-15T14:25:35","slug":"olis-de-catalunya-lessencia-de-loli","status":"publish","type":"proyecto","link":"https:\/\/advertis.es\/ca\/projecte\/olis-de-catalunya-lessencia-de-loli\/","title":{"rendered":"Olis de Catalunya: L&#8217;ess\u00e8ncia de l&#8217;oli"},"content":{"rendered":"\t\t<div data-elementor-type=\"wp-post\" data-elementor-id=\"10187\" class=\"elementor elementor-10187 elementor-9367\" data-elementor-post-type=\"proyecto\">\n\t\t\t\t<div class=\"elementor-element elementor-element-c9ab4ee e-grid e-con-full section_grid_1 e-con e-parent\" data-id=\"c9ab4ee\" data-element_type=\"container\">\n\t\t<div class=\"elementor-element elementor-element-3449728 content-img e-con-full e-flex e-con e-child\" data-id=\"3449728\" data-element_type=\"container\">\n\t\t\t\t<div class=\"elementor-element elementor-element-6e6e491 elementor-widget elementor-widget-video\" data-id=\"6e6e491\" data-element_type=\"widget\" data-settings=\"{&quot;video_type&quot;:&quot;hosted&quot;,&quot;autoplay&quot;:&quot;yes&quot;,&quot;mute&quot;:&quot;yes&quot;,&quot;loop&quot;:&quot;yes&quot;}\" data-widget_type=\"video.default\">\n\t\t\t\t<div class=\"elementor-widget-container\">\n\t\t\t\t\t\t\t<div class=\"e-hosted-video elementor-wrapper elementor-open-inline\">\n\t\t\t\t\t<video class=\"elementor-video\" src=\"https:\/\/advertis.es\/wp-content\/uploads\/Olisdecatalunya-1080px-4.mp4\" autoplay=\"\" loop=\"\" muted=\"muted\" controlsList=\"nodownload\"><\/video>\n\t\t\t\t<\/div>\n\t\t\t\t\t\t<\/div>\n\t\t\t\t<\/div>\n\t\t\t\t<\/div>\n\t\t<div class=\"elementor-element elementor-element-bf6f52d content-info e-con-full e-flex e-con e-child\" data-id=\"bf6f52d\" data-element_type=\"container\">\n\t\t<div class=\"elementor-element elementor-element-864f2bb e-con-full e-flex e-con e-child\" data-id=\"864f2bb\" data-element_type=\"container\" data-settings=\"{&quot;background_background&quot;:&quot;classic&quot;}\">\n\t\t\t\t<div class=\"elementor-element elementor-element-834ca97 elementor-widget elementor-widget-text-editor\" data-id=\"834ca97\" data-element_type=\"widget\" data-widget_type=\"text-editor.default\">\n\t\t\t\t<div class=\"elementor-widget-container\">\n\t\t\t\t\t\t\t\t\t<p>Olis de catalunya<\/p>\n\t\t\t\t\t\t\t\t<\/div>\n\t\t\t\t<\/div>\n\t\t\t\t<\/div>\n\t\t\t\t<\/div>\n\t\t\t\t<\/div>\n\t\t<div class=\"elementor-element elementor-element-6f39351 e-flex e-con-boxed e-con e-parent\" data-id=\"6f39351\" data-element_type=\"container\" data-settings=\"{&quot;background_background&quot;:&quot;classic&quot;}\">\n\t\t\t\t\t<div class=\"e-con-inner\">\n\t\t<div class=\"elementor-element elementor-element-37e3727 e-con-full e-flex e-con e-child\" data-id=\"37e3727\" data-element_type=\"container\">\n\t\t<div class=\"elementor-element elementor-element-54c1ea1 e-con-full e-flex e-con e-child\" data-id=\"54c1ea1\" data-element_type=\"container\">\n\t\t\t\t<div class=\"elementor-element elementor-element-1266c4e elementor-widget elementor-widget-heading\" data-id=\"1266c4e\" data-element_type=\"widget\" data-widget_type=\"heading.default\">\n\t\t\t\t<div class=\"elementor-widget-container\">\n\t\t\t\t\t<h2 class=\"elementor-heading-title elementor-size-default\">Olis de Catalunya: Creativitat en tota la seva ess\u00e8ncia<\/h2>\t\t\t\t<\/div>\n\t\t\t\t<\/div>\n\t\t\t\t<div class=\"elementor-element elementor-element-668fd24 elementor-widget elementor-widget-text-editor\" data-id=\"668fd24\" data-element_type=\"widget\" data-widget_type=\"text-editor.default\">\n\t\t\t\t<div class=\"elementor-widget-container\">\n\t\t\t\t\t\t\t\t\t<p>Olis de Catalunya presenta un nou lloc web creat per Advertis on flueix la calidesa, aromes i textures dels productes d&#8217;alta qualitat que mostra.<\/p>\n<p>Els elements gr\u00e0fics, els textos i la poesia dels continguts transmeten el gran car\u00e0cter d&#8217;aquesta marca d&#8217;oli premium.<\/p>\n<p>Less\u00e8ncia de lloc web se centra en el plaer dels aliments, la cuina i la qualitat de vida, percebuts amb un sentit ampli m\u00e9s enll\u00e0 de la vista.<\/p>\n<p>Aquest lloc web ha estat optimitzat al m\u00e0xim nivell per aconseguir una efica\u00e7 indexaci\u00f3 als cercadors (SEO) i est\u00e0 adaptada a la mobilitat. Una web r\u00e0pida, pr\u00e0ctica i suggeridora per a qualsevol pantalla connectada a Internet, que il\u00b7lustra eficientment l&#8217;esperit de persuasi\u00f3 que espera l&#8217;usuari a Internet. <\/p>\n\t\t\t\t\t\t\t\t<\/div>\n\t\t\t\t<\/div>\n\t\t\t\t<\/div>\n\t\t\t\t<\/div>\n\t\t<div class=\"elementor-element elementor-element-b869579 e-con-full e-flex e-con e-child\" data-id=\"b869579\" data-element_type=\"container\">\n\t\t<div class=\"elementor-element elementor-element-3f2c85c e-con-full e-flex e-con e-child\" data-id=\"3f2c85c\" data-element_type=\"container\">\n\t\t\t\t<div class=\"elementor-element elementor-element-daea28b elementor-widget elementor-widget-heading\" data-id=\"daea28b\" data-element_type=\"widget\" data-widget_type=\"heading.default\">\n\t\t\t\t<div class=\"elementor-widget-container\">\n\t\t\t\t\t<h5 class=\"elementor-heading-title elementor-size-default\">Client<\/h5>\t\t\t\t<\/div>\n\t\t\t\t<\/div>\n\t\t\t\t<div class=\"elementor-element elementor-element-1e9367f elementor-widget elementor-widget-text-editor\" data-id=\"1e9367f\" data-element_type=\"widget\" data-widget_type=\"text-editor.default\">\n\t\t\t\t<div class=\"elementor-widget-container\">\n\t\t\t\t\t\t\t\t\t<p>Olis de Catalunya<\/p>\n\t\t\t\t\t\t\t\t<\/div>\n\t\t\t\t<\/div>\n\t\t\t\t<\/div>\n\t\t<div class=\"elementor-element elementor-element-53021d2 e-con-full e-flex e-con e-child\" data-id=\"53021d2\" data-element_type=\"container\">\n\t\t\t\t<div class=\"elementor-element elementor-element-1ad796a elementor-widget elementor-widget-heading\" data-id=\"1ad796a\" data-element_type=\"widget\" data-widget_type=\"heading.default\">\n\t\t\t\t<div class=\"elementor-widget-container\">\n\t\t\t\t\t<h5 class=\"elementor-heading-title elementor-size-default\">Servei<\/h5>\t\t\t\t<\/div>\n\t\t\t\t<\/div>\n\t\t\t\t<div class=\"elementor-element elementor-element-6f427c4 elementor-widget elementor-widget-text-editor\" data-id=\"6f427c4\" data-element_type=\"widget\" data-widget_type=\"text-editor.default\">\n\t\t\t\t<div class=\"elementor-widget-container\">\n\t\t\t\t\t\t\t\t\t<span>Dise\u00f1o web<\/span>, <span>Optimizaci\u00f3n SEO<\/span>\t\t\t\t\t\t\t\t<\/div>\n\t\t\t\t<\/div>\n\t\t\t\t<\/div>\n\t\t<div class=\"elementor-element elementor-element-3e98ca9 e-con-full e-flex e-con e-child\" data-id=\"3e98ca9\" data-element_type=\"container\">\n\t\t\t\t<div class=\"elementor-element elementor-element-1d19809 elementor-widget elementor-widget-heading\" data-id=\"1d19809\" data-element_type=\"widget\" data-widget_type=\"heading.default\">\n\t\t\t\t<div class=\"elementor-widget-container\">\n\t\t\t\t\t<h5 class=\"elementor-heading-title elementor-size-default\">Url<\/h5>\t\t\t\t<\/div>\n\t\t\t\t<\/div>\n\t\t\t\t<div class=\"elementor-element elementor-element-c2be5dc elementor-widget elementor-widget-text-editor\" data-id=\"c2be5dc\" data-element_type=\"widget\" data-widget_type=\"text-editor.default\">\n\t\t\t\t<div class=\"elementor-widget-container\">\n\t\t\t\t\t\t\t\t\t<p><a href=\"https:\/\/www.olisdecatalunya.es\/ca\/\" target=\"_blank\" rel=\"noopener\">www.olisdecatalunya.es<\/a><\/p>\n\t\t\t\t\t\t\t\t<\/div>\n\t\t\t\t<\/div>\n\t\t\t\t<\/div>\n\t\t\t\t<\/div>\n\t\t\t\t\t<\/div>\n\t\t\t\t<\/div>\n\t\t<div class=\"elementor-element elementor-element-b5c01ed e-con-full e-flex e-con e-parent\" data-id=\"b5c01ed\" data-element_type=\"container\" data-settings=\"{&quot;background_background&quot;:&quot;classic&quot;}\">\n\t\t\t\t<div class=\"elementor-element elementor-element-70d199b elementor-arrows-position-outside elementor-widget elementor-widget-image-carousel\" data-id=\"70d199b\" data-element_type=\"widget\" data-settings=\"{&quot;slides_to_show&quot;:&quot;3&quot;,&quot;slides_to_show_tablet&quot;:&quot;2&quot;,&quot;navigation&quot;:&quot;arrows&quot;,&quot;autoplay_speed&quot;:8000,&quot;speed&quot;:2500,&quot;image_spacing_custom&quot;:{&quot;unit&quot;:&quot;px&quot;,&quot;size&quot;:45,&quot;sizes&quot;:[]},&quot;autoplay&quot;:&quot;yes&quot;,&quot;pause_on_hover&quot;:&quot;yes&quot;,&quot;pause_on_interaction&quot;:&quot;yes&quot;,&quot;infinite&quot;:&quot;yes&quot;,&quot;image_spacing_custom_laptop&quot;:{&quot;unit&quot;:&quot;px&quot;,&quot;size&quot;:&quot;&quot;,&quot;sizes&quot;:[]},&quot;image_spacing_custom_tablet_extra&quot;:{&quot;unit&quot;:&quot;px&quot;,&quot;size&quot;:&quot;&quot;,&quot;sizes&quot;:[]},&quot;image_spacing_custom_tablet&quot;:{&quot;unit&quot;:&quot;px&quot;,&quot;size&quot;:&quot;&quot;,&quot;sizes&quot;:[]},&quot;image_spacing_custom_mobile&quot;:{&quot;unit&quot;:&quot;px&quot;,&quot;size&quot;:&quot;&quot;,&quot;sizes&quot;:[]}}\" data-widget_type=\"image-carousel.default\">\n\t\t\t\t<div class=\"elementor-widget-container\">\n\t\t\t\t\t\t\t<div class=\"elementor-image-carousel-wrapper swiper\" role=\"region\" aria-roledescription=\"carousel\" aria-label=\"Carrusel d&#039;imatges\" dir=\"ltr\">\n\t\t\t<div class=\"elementor-image-carousel swiper-wrapper\" aria-live=\"off\">\n\t\t\t\t\t\t\t\t<div class=\"swiper-slide\" role=\"group\" aria-roledescription=\"slide\" aria-label=\"1 de 5\"><figure class=\"swiper-slide-inner\"><img decoding=\"async\" class=\"swiper-slide-image\" src=\"https:\/\/advertis.es\/wp-content\/uploads\/slider-desktop-olis-de-catalunya-02.webp\" alt=\"slider-desktop-olis-de-catalunya-02\" \/><\/figure><\/div><div class=\"swiper-slide\" role=\"group\" aria-roledescription=\"slide\" aria-label=\"2 de 5\"><figure class=\"swiper-slide-inner\"><img decoding=\"async\" class=\"swiper-slide-image\" src=\"https:\/\/advertis.es\/wp-content\/uploads\/slider-desktop-olis-de-catalunya-03.webp\" alt=\"slider-desktop-olis-de-catalunya-03\" \/><\/figure><\/div><div class=\"swiper-slide\" role=\"group\" aria-roledescription=\"slide\" aria-label=\"3 de 5\"><figure class=\"swiper-slide-inner\"><img decoding=\"async\" class=\"swiper-slide-image\" src=\"https:\/\/advertis.es\/wp-content\/uploads\/slider-desktop-olis-de-catalunya-04.webp\" alt=\"slider-desktop-olis-de-catalunya-04\" \/><\/figure><\/div><div class=\"swiper-slide\" role=\"group\" aria-roledescription=\"slide\" aria-label=\"4 de 5\"><figure class=\"swiper-slide-inner\"><img decoding=\"async\" class=\"swiper-slide-image\" src=\"https:\/\/advertis.es\/wp-content\/uploads\/slider-desktop-olis-de-catalunya-05.webp\" alt=\"slider-desktop-olis-de-catalunya-05\" \/><\/figure><\/div><div class=\"swiper-slide\" role=\"group\" aria-roledescription=\"slide\" aria-label=\"5 de 5\"><figure class=\"swiper-slide-inner\"><img decoding=\"async\" class=\"swiper-slide-image\" src=\"https:\/\/advertis.es\/wp-content\/uploads\/slider-desktop-olis-de-catalunya-01.webp\" alt=\"slider-desktop-olis-de-catalunya-01\" \/><\/figure><\/div>\t\t\t<\/div>\n\t\t\t\t\t\t\t\t\t\t\t\t<div class=\"elementor-swiper-button elementor-swiper-button-prev\" role=\"button\" tabindex=\"0\">\n\t\t\t\t\t\t<svg aria-hidden=\"true\" class=\"e-font-icon-svg e-eicon-chevron-left\" viewBox=\"0 0 1000 1000\" xmlns=\"http:\/\/www.w3.org\/2000\/svg\"><path d=\"M646 125C629 125 613 133 604 142L308 442C296 454 292 471 292 487 292 504 296 521 308 533L604 854C617 867 629 875 646 875 663 875 679 871 692 858 704 846 713 829 713 812 713 796 708 779 692 767L438 487 692 225C700 217 708 204 708 187 708 171 704 154 692 142 675 129 663 125 646 125Z\"><\/path><\/svg>\t\t\t\t\t<\/div>\n\t\t\t\t\t<div class=\"elementor-swiper-button elementor-swiper-button-next\" role=\"button\" tabindex=\"0\">\n\t\t\t\t\t\t<svg aria-hidden=\"true\" class=\"e-font-icon-svg e-eicon-chevron-right\" viewBox=\"0 0 1000 1000\" xmlns=\"http:\/\/www.w3.org\/2000\/svg\"><path d=\"M696 533C708 521 713 504 713 487 713 471 708 454 696 446L400 146C388 133 375 125 354 125 338 125 325 129 313 142 300 154 292 171 292 187 292 204 296 221 308 233L563 492 304 771C292 783 288 800 288 817 288 833 296 850 308 863 321 871 338 875 354 875 371 875 388 867 400 854L696 533Z\"><\/path><\/svg>\t\t\t\t\t<\/div>\n\t\t\t\t\n\t\t\t\t\t\t\t\t\t<\/div>\n\t\t\t\t\t\t<\/div>\n\t\t\t\t<\/div>\n\t\t\t\t<\/div>\n\t\t<div class=\"elementor-element elementor-element-4250d6c e-flex e-con-boxed e-con e-parent\" data-id=\"4250d6c\" data-element_type=\"container\" data-settings=\"{&quot;background_background&quot;:&quot;classic&quot;}\">\n\t\t\t\t\t<div class=\"e-con-inner\">\n\t\t<div class=\"elementor-element elementor-element-31220a4 e-con-full e-flex e-con e-child\" data-id=\"31220a4\" data-element_type=\"container\">\n\t\t<div class=\"elementor-element elementor-element-c834a37 e-con-full e-flex e-con e-child\" data-id=\"c834a37\" data-element_type=\"container\">\n\t\t\t\t<div class=\"elementor-element elementor-element-4397657 elementor-widget elementor-widget-heading\" data-id=\"4397657\" data-element_type=\"widget\" data-widget_type=\"heading.default\">\n\t\t\t\t<div class=\"elementor-widget-container\">\n\t\t\t\t\t<h2 class=\"elementor-heading-title elementor-size-default\">Disseny creatiu<\/h2>\t\t\t\t<\/div>\n\t\t\t\t<\/div>\n\t\t\t\t<div class=\"elementor-element elementor-element-3658a97 elementor-widget elementor-widget-text-editor\" data-id=\"3658a97\" data-element_type=\"widget\" data-widget_type=\"text-editor.default\">\n\t\t\t\t<div class=\"elementor-widget-container\">\n\t\t\t\t\t\t\t\t\t<p>El disseny escollit per al lloc web d&#8217;Olis de Catalunya transmet la sofisticaci\u00f3 dels productes d&#8217;alt posicionament. Tons foscos i fons amb imatges i textures elegants, combinats amb una refinada presentaci\u00f3 de cadascuna de les marques que es presenten. <\/p>\n<p>Les marques presentades s\u00f3n Oleaurum, Uni\u00f3, Duc, Oleastrum i Mir\u00f3. Aquest \u00faltim \u00e9s l&#8217;oli nascut a la terra de Joan Mir\u00f3, un dels grans pintors de la nostra \u00e8poca, la passi\u00f3 dels quals per all\u00f2 aut\u00e8ntic b\u00e9 ha merescut un homenatge amb un producte propi i un espai en aquest lloc web dedicat especialment a la seva figura. <\/p>\n<p>El lloc web d&#8217;Olis de Catalunya est\u00e0 estructurat en diferents categories, un per cada marca i mostra les diferents presentacions i varietats de cadascuna. Tamb\u00e9 presenta uns consells interessants sobre com utilitzar el producte i parla sobre els importants beneficis del consum d&#8217;oli verge per a la salut humana. <\/p>\n\t\t\t\t\t\t\t\t<\/div>\n\t\t\t\t<\/div>\n\t\t\t\t<\/div>\n\t\t\t\t<\/div>\n\t\t<div class=\"elementor-element elementor-element-213340a e-con-full e-flex e-con e-child\" data-id=\"213340a\" data-element_type=\"container\">\n\t\t\t\t<div class=\"elementor-element elementor-element-a6688d6 elementor-widget elementor-widget-image\" data-id=\"a6688d6\" data-element_type=\"widget\" data-widget_type=\"image.default\">\n\t\t\t\t<div class=\"elementor-widget-container\">\n\t\t\t\t\t\t\t\t\t\t\t\t\t\t\t<img loading=\"lazy\" decoding=\"async\" width=\"1024\" height=\"1024\" src=\"https:\/\/advertis.es\/wp-content\/uploads\/detalle-olis-de-catalunya-2-1024x1024-1.webp\" class=\"attachment-full size-full wp-image-9392\" alt=\"\" srcset=\"https:\/\/advertis.es\/wp-content\/uploads\/detalle-olis-de-catalunya-2-1024x1024-1.webp 1024w, https:\/\/advertis.es\/wp-content\/uploads\/detalle-olis-de-catalunya-2-1024x1024-1-768x768.webp 768w\" sizes=\"auto, (max-width: 1024px) 100vw, 1024px\" \/>\t\t\t\t\t\t\t\t\t\t\t\t\t\t\t<\/div>\n\t\t\t\t<\/div>\n\t\t\t\t<\/div>\n\t\t\t\t\t<\/div>\n\t\t\t\t<\/div>\n\t\t<div class=\"elementor-element elementor-element-3d05a37 e-con-full e-flex e-con e-parent\" data-id=\"3d05a37\" data-element_type=\"container\" data-settings=\"{&quot;background_background&quot;:&quot;classic&quot;}\">\n\t\t\t\t<div class=\"elementor-element elementor-element-1113901 elementor-widget elementor-widget-image-carousel\" data-id=\"1113901\" data-element_type=\"widget\" data-settings=\"{&quot;slides_to_show&quot;:&quot;3&quot;,&quot;navigation&quot;:&quot;none&quot;,&quot;speed&quot;:2500}\" data-widget_type=\"image-carousel.default\">\n\t\t\t\t<div class=\"elementor-widget-container\">\n\t\t\t\t\t\t\t<div class=\"elementor-image-carousel-wrapper swiper\" role=\"region\" aria-roledescription=\"carousel\" aria-label=\"Carrusel d&#039;imatges\" dir=\"ltr\">\n\t\t\t<div class=\"elementor-image-carousel swiper-wrapper\" aria-live=\"polite\">\n\t\t\t\t\t\t\t\t<div class=\"swiper-slide\" role=\"group\" aria-roledescription=\"slide\" aria-label=\"1 de 3\"><figure class=\"swiper-slide-inner\"><img decoding=\"async\" class=\"swiper-slide-image\" src=\"https:\/\/advertis.es\/wp-content\/uploads\/trabajos-iphone-olis-de-catalunya-01.webp\" alt=\"trabajos-iphone-olis-de-catalunya-01\" \/><\/figure><\/div><div class=\"swiper-slide\" role=\"group\" aria-roledescription=\"slide\" aria-label=\"2 de 3\"><figure class=\"swiper-slide-inner\"><img decoding=\"async\" class=\"swiper-slide-image\" src=\"https:\/\/advertis.es\/wp-content\/uploads\/trabajos-iphone-olis-de-catalunya-02.webp\" alt=\"trabajos-iphone-olis-de-catalunya-02\" \/><\/figure><\/div><div class=\"swiper-slide\" role=\"group\" aria-roledescription=\"slide\" aria-label=\"3 de 3\"><figure class=\"swiper-slide-inner\"><img decoding=\"async\" class=\"swiper-slide-image\" src=\"https:\/\/advertis.es\/wp-content\/uploads\/trabajos-iphone-olis-de-catalunya-03.webp\" alt=\"trabajos-iphone-olis-de-catalunya-03\" \/><\/figure><\/div>\t\t\t<\/div>\n\t\t\t\t\t\t\t\n\t\t\t\t\t\t\t\t\t<\/div>\n\t\t\t\t\t\t<\/div>\n\t\t\t\t<\/div>\n\t\t\t\t<\/div>\n\t\t\t\t<\/div>\n\t\t","protected":false},"excerpt":{"rendered":"<p>https:\/\/advertis.es\/wp-content\/uploads\/Olisdecatalunya-1080px-4.mp4 Olis de catalunya Olis de Catalunya: Creativitat en tota la seva ess\u00e8ncia Olis de Catalunya presenta un nou lloc web creat per Advertis on flueix la calidesa, aromes i textures dels productes d&#8217;alta qualitat que mostra. Els elements gr\u00e0fics, els textos i la poesia dels continguts transmeten el gran car\u00e0cter d&#8217;aquesta marca d&#8217;oli premium. [&hellip;]<\/p>\n","protected":false},"author":2,"featured_media":9393,"parent":0,"menu_order":0,"template":"","meta":{"_acf_changed":false},"categoria":[186,179],"class_list":["post-10187","proyecto","type-proyecto","status-publish","has-post-thumbnail","hentry","categoria-diseno-web-ca","categoria-optimizacion-seo-ca"],"acf":[],"yoast_head":"<!-- This site is optimized with the Yoast SEO plugin v24.2 - https:\/\/yoast.com\/wordpress\/plugins\/seo\/ -->\n<title>Olis de Catalunya: L&#039;ess\u00e8ncia de l&#039;oli<\/title>\n<meta name=\"robots\" content=\"index, follow, max-snippet:-1, max-image-preview:large, max-video-preview:-1\" \/>\n<link rel=\"canonical\" href=\"https:\/\/advertis.es\/ca\/projecte\/olis-de-catalunya-lessencia-de-loli\/\" \/>\n<meta property=\"og:locale\" content=\"ca_ES\" \/>\n<meta property=\"og:type\" content=\"article\" \/>\n<meta property=\"og:title\" content=\"Olis de Catalunya: L&#039;ess\u00e8ncia de l&#039;oli\" \/>\n<meta property=\"og:description\" content=\"https:\/\/advertis.es\/wp-content\/uploads\/Olisdecatalunya-1080px-4.mp4 Olis de catalunya Olis de Catalunya: Creativitat en tota la seva ess\u00e8ncia Olis de Catalunya presenta un nou lloc web creat per Advertis on flueix la calidesa, aromes i textures dels productes d&#8217;alta qualitat que mostra. Els elements gr\u00e0fics, els textos i la poesia dels continguts transmeten el gran car\u00e0cter d&#8217;aquesta marca d&#8217;oli premium. [&hellip;]\" \/>\n<meta property=\"og:url\" content=\"https:\/\/advertis.es\/ca\/projecte\/olis-de-catalunya-lessencia-de-loli\/\" \/>\n<meta property=\"og:site_name\" content=\"Advertis\" \/>\n<meta property=\"article:publisher\" content=\"https:\/\/www.facebook.com\/advertispublicidad?ref=hl\" \/>\n<meta property=\"article:modified_time\" content=\"2024-10-15T14:25:35+00:00\" \/>\n<meta property=\"og:image\" content=\"https:\/\/advertis.es\/wp-content\/uploads\/detalle-olis-de-catalunya-2-1024x1024-1.webp\" \/>\n\t<meta property=\"og:image:width\" content=\"1024\" \/>\n\t<meta property=\"og:image:height\" content=\"1024\" \/>\n\t<meta property=\"og:image:type\" content=\"image\/jpeg\" \/>\n<meta name=\"twitter:card\" content=\"summary_large_image\" \/>\n<meta name=\"twitter:site\" content=\"@advertisglobal\" \/>\n<script type=\"application\/ld+json\" class=\"yoast-schema-graph\">{\"@context\":\"https:\/\/schema.org\",\"@graph\":[{\"@type\":\"WebPage\",\"@id\":\"https:\/\/advertis.es\/ca\/projecte\/olis-de-catalunya-lessencia-de-loli\/\",\"url\":\"https:\/\/advertis.es\/ca\/projecte\/olis-de-catalunya-lessencia-de-loli\/\",\"name\":\"Olis de Catalunya: L'ess\u00e8ncia de l'oli\",\"isPartOf\":{\"@id\":\"https:\/\/advertis.es\/ca\/#website\"},\"primaryImageOfPage\":{\"@id\":\"https:\/\/advertis.es\/ca\/projecte\/olis-de-catalunya-lessencia-de-loli\/#primaryimage\"},\"image\":{\"@id\":\"https:\/\/advertis.es\/ca\/projecte\/olis-de-catalunya-lessencia-de-loli\/#primaryimage\"},\"thumbnailUrl\":\"https:\/\/advertis.es\/wp-content\/uploads\/detalle-olis-de-catalunya-2-1024x1024-1.webp\",\"datePublished\":\"2024-10-14T13:37:42+00:00\",\"dateModified\":\"2024-10-15T14:25:35+00:00\",\"breadcrumb\":{\"@id\":\"https:\/\/advertis.es\/ca\/projecte\/olis-de-catalunya-lessencia-de-loli\/#breadcrumb\"},\"inLanguage\":\"ca\",\"potentialAction\":[{\"@type\":\"ReadAction\",\"target\":[\"https:\/\/advertis.es\/ca\/projecte\/olis-de-catalunya-lessencia-de-loli\/\"]}]},{\"@type\":\"ImageObject\",\"inLanguage\":\"ca\",\"@id\":\"https:\/\/advertis.es\/ca\/projecte\/olis-de-catalunya-lessencia-de-loli\/#primaryimage\",\"url\":\"https:\/\/advertis.es\/wp-content\/uploads\/detalle-olis-de-catalunya-2-1024x1024-1.webp\",\"contentUrl\":\"https:\/\/advertis.es\/wp-content\/uploads\/detalle-olis-de-catalunya-2-1024x1024-1.webp\",\"width\":1024,\"height\":1024},{\"@type\":\"BreadcrumbList\",\"@id\":\"https:\/\/advertis.es\/ca\/projecte\/olis-de-catalunya-lessencia-de-loli\/#breadcrumb\",\"itemListElement\":[{\"@type\":\"ListItem\",\"position\":1,\"name\":\"Portada\",\"item\":\"https:\/\/advertis.es\/ca\/\"},{\"@type\":\"ListItem\",\"position\":2,\"name\":\"Proyectos\",\"item\":\"https:\/\/advertis.es\/ca\/proyectos\/\"},{\"@type\":\"ListItem\",\"position\":3,\"name\":\"Olis de Catalunya: L&#8217;ess\u00e8ncia de l&#8217;oli\"}]},{\"@type\":\"WebSite\",\"@id\":\"https:\/\/advertis.es\/ca\/#website\",\"url\":\"https:\/\/advertis.es\/ca\/\",\"name\":\"Advertis\",\"description\":\"\",\"publisher\":{\"@id\":\"https:\/\/advertis.es\/ca\/#organization\"},\"potentialAction\":[{\"@type\":\"SearchAction\",\"target\":{\"@type\":\"EntryPoint\",\"urlTemplate\":\"https:\/\/advertis.es\/ca\/?s={search_term_string}\"},\"query-input\":{\"@type\":\"PropertyValueSpecification\",\"valueRequired\":true,\"valueName\":\"search_term_string\"}}],\"inLanguage\":\"ca\"},{\"@type\":\"Organization\",\"@id\":\"https:\/\/advertis.es\/ca\/#organization\",\"name\":\"Advertis Global SL\",\"alternateName\":\"Advertis\",\"url\":\"https:\/\/advertis.es\/ca\/\",\"logo\":{\"@type\":\"ImageObject\",\"inLanguage\":\"ca\",\"@id\":\"https:\/\/advertis.es\/ca\/#\/schema\/logo\/image\/\",\"url\":\"https:\/\/advertis.es\/wp-content\/uploads\/Group-9.svg\",\"contentUrl\":\"https:\/\/advertis.es\/wp-content\/uploads\/Group-9.svg\",\"width\":300,\"height\":44,\"caption\":\"Advertis Global SL\"},\"image\":{\"@id\":\"https:\/\/advertis.es\/ca\/#\/schema\/logo\/image\/\"},\"sameAs\":[\"https:\/\/www.facebook.com\/advertispublicidad?ref=hl\",\"https:\/\/x.com\/advertisglobal\",\"https:\/\/www.linkedin.com\/company\/advertis\"]}]}<\/script>\n<!-- \/ Yoast SEO plugin. -->","yoast_head_json":{"title":"Olis de Catalunya: L'ess\u00e8ncia de l'oli","robots":{"index":"index","follow":"follow","max-snippet":"max-snippet:-1","max-image-preview":"max-image-preview:large","max-video-preview":"max-video-preview:-1"},"canonical":"https:\/\/advertis.es\/ca\/projecte\/olis-de-catalunya-lessencia-de-loli\/","og_locale":"ca_ES","og_type":"article","og_title":"Olis de Catalunya: L'ess\u00e8ncia de l'oli","og_description":"https:\/\/advertis.es\/wp-content\/uploads\/Olisdecatalunya-1080px-4.mp4 Olis de catalunya Olis de Catalunya: Creativitat en tota la seva ess\u00e8ncia Olis de Catalunya presenta un nou lloc web creat per Advertis on flueix la calidesa, aromes i textures dels productes d&#8217;alta qualitat que mostra. Els elements gr\u00e0fics, els textos i la poesia dels continguts transmeten el gran car\u00e0cter d&#8217;aquesta marca d&#8217;oli premium. [&hellip;]","og_url":"https:\/\/advertis.es\/ca\/projecte\/olis-de-catalunya-lessencia-de-loli\/","og_site_name":"Advertis","article_publisher":"https:\/\/www.facebook.com\/advertispublicidad?ref=hl","article_modified_time":"2024-10-15T14:25:35+00:00","og_image":[{"width":1024,"height":1024,"url":"https:\/\/advertis.es\/wp-content\/uploads\/detalle-olis-de-catalunya-2-1024x1024-1.webp","type":"image\/jpeg"}],"twitter_card":"summary_large_image","twitter_site":"@advertisglobal","schema":{"@context":"https:\/\/schema.org","@graph":[{"@type":"WebPage","@id":"https:\/\/advertis.es\/ca\/projecte\/olis-de-catalunya-lessencia-de-loli\/","url":"https:\/\/advertis.es\/ca\/projecte\/olis-de-catalunya-lessencia-de-loli\/","name":"Olis de Catalunya: L'ess\u00e8ncia de l'oli","isPartOf":{"@id":"https:\/\/advertis.es\/ca\/#website"},"primaryImageOfPage":{"@id":"https:\/\/advertis.es\/ca\/projecte\/olis-de-catalunya-lessencia-de-loli\/#primaryimage"},"image":{"@id":"https:\/\/advertis.es\/ca\/projecte\/olis-de-catalunya-lessencia-de-loli\/#primaryimage"},"thumbnailUrl":"https:\/\/advertis.es\/wp-content\/uploads\/detalle-olis-de-catalunya-2-1024x1024-1.webp","datePublished":"2024-10-14T13:37:42+00:00","dateModified":"2024-10-15T14:25:35+00:00","breadcrumb":{"@id":"https:\/\/advertis.es\/ca\/projecte\/olis-de-catalunya-lessencia-de-loli\/#breadcrumb"},"inLanguage":"ca","potentialAction":[{"@type":"ReadAction","target":["https:\/\/advertis.es\/ca\/projecte\/olis-de-catalunya-lessencia-de-loli\/"]}]},{"@type":"ImageObject","inLanguage":"ca","@id":"https:\/\/advertis.es\/ca\/projecte\/olis-de-catalunya-lessencia-de-loli\/#primaryimage","url":"https:\/\/advertis.es\/wp-content\/uploads\/detalle-olis-de-catalunya-2-1024x1024-1.webp","contentUrl":"https:\/\/advertis.es\/wp-content\/uploads\/detalle-olis-de-catalunya-2-1024x1024-1.webp","width":1024,"height":1024},{"@type":"BreadcrumbList","@id":"https:\/\/advertis.es\/ca\/projecte\/olis-de-catalunya-lessencia-de-loli\/#breadcrumb","itemListElement":[{"@type":"ListItem","position":1,"name":"Portada","item":"https:\/\/advertis.es\/ca\/"},{"@type":"ListItem","position":2,"name":"Proyectos","item":"https:\/\/advertis.es\/ca\/proyectos\/"},{"@type":"ListItem","position":3,"name":"Olis de Catalunya: L&#8217;ess\u00e8ncia de l&#8217;oli"}]},{"@type":"WebSite","@id":"https:\/\/advertis.es\/ca\/#website","url":"https:\/\/advertis.es\/ca\/","name":"Advertis","description":"","publisher":{"@id":"https:\/\/advertis.es\/ca\/#organization"},"potentialAction":[{"@type":"SearchAction","target":{"@type":"EntryPoint","urlTemplate":"https:\/\/advertis.es\/ca\/?s={search_term_string}"},"query-input":{"@type":"PropertyValueSpecification","valueRequired":true,"valueName":"search_term_string"}}],"inLanguage":"ca"},{"@type":"Organization","@id":"https:\/\/advertis.es\/ca\/#organization","name":"Advertis Global SL","alternateName":"Advertis","url":"https:\/\/advertis.es\/ca\/","logo":{"@type":"ImageObject","inLanguage":"ca","@id":"https:\/\/advertis.es\/ca\/#\/schema\/logo\/image\/","url":"https:\/\/advertis.es\/wp-content\/uploads\/Group-9.svg","contentUrl":"https:\/\/advertis.es\/wp-content\/uploads\/Group-9.svg","width":300,"height":44,"caption":"Advertis Global SL"},"image":{"@id":"https:\/\/advertis.es\/ca\/#\/schema\/logo\/image\/"},"sameAs":["https:\/\/www.facebook.com\/advertispublicidad?ref=hl","https:\/\/x.com\/advertisglobal","https:\/\/www.linkedin.com\/company\/advertis"]}]}},"_links":{"self":[{"href":"https:\/\/advertis.es\/ca\/wp-json\/wp\/v2\/proyecto\/10187","targetHints":{"allow":["GET"]}}],"collection":[{"href":"https:\/\/advertis.es\/ca\/wp-json\/wp\/v2\/proyecto"}],"about":[{"href":"https:\/\/advertis.es\/ca\/wp-json\/wp\/v2\/types\/proyecto"}],"author":[{"embeddable":true,"href":"https:\/\/advertis.es\/ca\/wp-json\/wp\/v2\/users\/2"}],"version-history":[{"count":1,"href":"https:\/\/advertis.es\/ca\/wp-json\/wp\/v2\/proyecto\/10187\/revisions"}],"predecessor-version":[{"id":10188,"href":"https:\/\/advertis.es\/ca\/wp-json\/wp\/v2\/proyecto\/10187\/revisions\/10188"}],"wp:featuredmedia":[{"embeddable":true,"href":"https:\/\/advertis.es\/ca\/wp-json\/wp\/v2\/media\/9393"}],"wp:attachment":[{"href":"https:\/\/advertis.es\/ca\/wp-json\/wp\/v2\/media?parent=10187"}],"wp:term":[{"taxonomy":"categoria","embeddable":true,"href":"https:\/\/advertis.es\/ca\/wp-json\/wp\/v2\/categoria?post=10187"}],"curies":[{"name":"wp","href":"https:\/\/api.w.org\/{rel}","templated":true}]}}