{"id":7481,"date":"2024-09-18T13:10:53","date_gmt":"2024-09-18T13:10:53","guid":{"rendered":"https:\/\/nuevawebadv.advertis.es\/politica-de-privadesa\/"},"modified":"2025-09-12T09:06:04","modified_gmt":"2025-09-12T09:06:04","slug":"politica-de-privacitat","status":"publish","type":"page","link":"https:\/\/advertis.es\/ca\/politica-de-privacitat\/","title":{"rendered":"Pol\u00edtica de privacitat"},"content":{"rendered":"\t\t<div data-elementor-type=\"wp-page\" data-elementor-id=\"7481\" class=\"elementor elementor-7481 elementor-3620\" data-elementor-post-type=\"page\">\n\t\t\t\t<div class=\"elementor-element elementor-element-9c47b52 e-flex e-con-boxed e-con e-parent\" data-id=\"9c47b52\" data-element_type=\"container\" data-settings=\"{&quot;background_background&quot;:&quot;classic&quot;}\">\n\t\t\t\t\t<div class=\"e-con-inner\">\n\t\t<div class=\"elementor-element elementor-element-4691297 e-con-full e-flex e-con e-child\" data-id=\"4691297\" data-element_type=\"container\">\n\t\t\t\t<div class=\"elementor-element elementor-element-612111d elementor-widget elementor-widget-heading\" data-id=\"612111d\" data-element_type=\"widget\" data-widget_type=\"heading.default\">\n\t\t\t\t<div class=\"elementor-widget-container\">\n\t\t\t\t\t<span class=\"elementor-heading-title elementor-size-default\">Pol\u00edtica de privacitat<\/span>\t\t\t\t<\/div>\n\t\t\t\t<\/div>\n\t\t\t\t<\/div>\n\t\t\t\t\t<\/div>\n\t\t\t\t<\/div>\n\t\t<div class=\"elementor-element elementor-element-3d7db7b5 e-con-full e-flex e-con e-parent\" data-id=\"3d7db7b5\" data-element_type=\"container\" data-settings=\"{&quot;background_background&quot;:&quot;classic&quot;}\">\n\t\t<div class=\"elementor-element elementor-element-3c5c17ba e-con-full e-flex e-con e-child\" data-id=\"3c5c17ba\" data-element_type=\"container\">\n\t\t<div class=\"elementor-element elementor-element-57de03d1 e-con-full e-flex e-con e-child\" data-id=\"57de03d1\" data-element_type=\"container\">\n\t\t\t\t<div class=\"elementor-element elementor-element-694fec6a elementor-widget elementor-widget-text-editor\" data-id=\"694fec6a\" data-element_type=\"widget\" data-widget_type=\"text-editor.default\">\n\t\t\t\t<div class=\"elementor-widget-container\">\n\t\t\t\t\t\t\t\t\t<h2>Informaci\u00f3 sobre protecci\u00f3 de dades<\/h2>\n<h3>Denominaci\u00f3 social<\/h3>\n<p>Identitat: <strong>ADVERTIS GLOBAL, SL (&#8220;ADVERTIS&#8221;)<\/strong><br \/>Adre\u00e7a postal: <strong>Carrer d&#8217;Aribau 170, 08036 Barcelona<\/strong><br \/>Tel\u00e8fon: <strong><a href=\"tel:+34934157181\">934 157 181<\/a><\/strong><br \/>Email: <strong><a href=\"mailto:info@advertis.es\">info@advertis.es<\/a><\/strong><\/p>\n<h3>Finalitat<\/h3>\n<h4>Per qu\u00e8 fem servir les dades?<\/h4>\n<p>La seg\u00fcent pol\u00edtica de privacitat estableix els termes en qu\u00e8 tractarem les dades personals a ADVERTIS; aix\u00f2 inclou qualsevol dada personal recollida a trav\u00e9s de la nostra p\u00e0gina web www.advertis.es, aix\u00ed com qualsevol altra dada que tractem en exercici de les nostres activitats empresarials.<\/p>\n<p>ADVERTIS recull les dades personals seg\u00fcents amb les finalitats a continuaci\u00f3 indicades:<\/p>\n<ul>\n<li>Formulari de contacte de la web: les dades personals recollides a trav\u00e9s d&#8217;aquest formulari seran exclusivament utilitzades per informar-vos sobre els serveis que ens hagin sol\u00b7licitat.<\/li>\n<li>Prestaci\u00f3 del servei: en cas que contractis algun dels nostres serveis, les teves dades personals seran exclusivament utilitzades per a la gesti\u00f3 administrativa relacionada amb aquesta contractaci\u00f3.<\/li>\n<li>Xarxes socials: qualsevol dada que ens facilitis o que puguis compartir a trav\u00e9s de les Xarxes socials on ADVERTIS t\u00e9 compte actiu, seran tractades d&#8217;acord amb les Pol\u00edtiques de Privacitat de cada Xarxa social. Et recomanem que les llegeixis i que les revisis peri\u00f2dicament abans d&#8217;interaccionar amb ADVERTIS a trav\u00e9s de les xarxes socials esmentades. <\/li>\n<\/ul>\n<h4>Quant de temps custodiem les teves dades?<\/h4>\n<p>Les dades de possibles clients que no acabin contractant cap servei seran autom\u00e0ticament eliminades passat un any des del contacte, sempre que el possible client no hagi mostrat m\u00e9s inter\u00e8s en els nostres serveis o productes. En cas de contractar algun servei, les dades seran tractades mentre duri la relaci\u00f3 comercial i, una vegada conclosa pel temps necessari per respondre davant de possibles responsabilitats legals especialment totes les relacionades amb les garanties de b\u00e9ns de consum. <\/p>\n<p>En el sup\u00f2sit que ens donis el teu consentiment per informar-te dels nostres productes o serveis, la nostra pol\u00edtica de privadesa indica que mantindrem les teves dades fins que ens manifestis la teva voluntat de no rebre m\u00e9s comunicacions nostres.<\/p>\n<h3>Legitimitzaci\u00f3<\/h3>\n<p>Les dades dels clients seran tractades per ADVERTIS, aix\u00ed com les relacionades amb els treballadors, per al compliment de la relaci\u00f3 contractual.<\/p>\n<p>\u00danicament tractarem les teves dades amb fins promocionals si ens has donat el teu consentiment espec\u00edfic per fer-ho. Sempre tindreu l&#8217;opci\u00f3 de revocar el vostre consentiment per al tractament de les vostres dades amb aquests fins. <\/p>\n<h3>Destinataris<\/h3>\n<h4>Cessions de dades a tercers.<\/h4>\n<p>Les teves dades personals no seran cedides a tercers sense el teu consentiment, llevat que hi hagi una llei que obligui ADVERTIS a aquesta cessi\u00f3 de dades.<\/p>\n<h3>Drets<\/h3>\n<h4>Tens dret a:<\/h4>\n<ul style=\"margin-bottom: 15px;\">\n<li>Accedir a les dades personals.<\/li>\n<li>Rectificar les dades personals.<\/li>\n<li>Suprimir les dades personals.<\/li>\n<li>Presentar una den\u00fancia o un escrit per a la tutela dels teus drets davant de l&#8217;Ag\u00e8ncia Espanyola de Protecci\u00f3 de Dades o davant de l&#8217;ag\u00e8ncia auton\u00f2mica de protecci\u00f3 de dades, si n&#8217;hi ha.<\/li>\n<li>Ser informat de qualsevol incid\u00e8ncia de seguretat que pugui afectar els teus drets.<\/li>\n<\/ul>\n<div>Moltes gr\u00e0cies per acceptar la nostra pol\u00edtica de privadesa. Us recomanem llegir tamb\u00e9 l&#8217; <a href=\"https:\/\/advertis.es\/ca\/avis-legal\/\">av\u00eds legal<\/a> i la <a href=\"https:\/\/advertis.es\/ca\/politica-de-cookies\/\">pol\u00edtica de cookies<\/a> . Lloc web de l&#8217;ag\u00e8ncia de <a href=\"https:\/\/www.aepd.es\/es\" target=\"_blank\" rel=\"noopener\">protecci\u00f3 de dades<\/a> .  <\/div>\n\t\t\t\t\t\t\t\t<\/div>\n\t\t\t\t<\/div>\n\t\t\t\t<\/div>\n\t\t\t\t<\/div>\n\t\t\t\t<\/div>\n\t\t\t\t<\/div>\n\t\t","protected":false},"excerpt":{"rendered":"<p>Pol\u00edtica de privacitat Informaci\u00f3 sobre protecci\u00f3 de dades Denominaci\u00f3 social Identitat: ADVERTIS GLOBAL, SL (&#8220;ADVERTIS&#8221;)Adre\u00e7a postal: Carrer d&#8217;Aribau 170, 08036 BarcelonaTel\u00e8fon: 934 157 181Email: info@advertis.es Finalitat Per qu\u00e8 fem servir les dades? La seg\u00fcent pol\u00edtica de privacitat estableix els termes en qu\u00e8 tractarem les dades personals a ADVERTIS; aix\u00f2 inclou qualsevol dada personal recollida a [&hellip;]<\/p>\n","protected":false},"author":1,"featured_media":0,"parent":0,"menu_order":0,"comment_status":"closed","ping_status":"closed","template":"","meta":{"_acf_changed":false,"footnotes":""},"class_list":["post-7481","page","type-page","status-publish","hentry"],"acf":[],"yoast_head":"<!-- This site is optimized with the Yoast SEO plugin v24.2 - https:\/\/yoast.com\/wordpress\/plugins\/seo\/ -->\n<title>Pol\u00edtica de privacitat<\/title>\n<meta name=\"description\" content=\"A la nostra ag\u00e8ncia digital ens prenem molt seriosament les dades dels nostres clients i els drets dels usuaris web.\" \/>\n<meta name=\"robots\" content=\"noindex, nofollow\" \/>\n<meta property=\"og:locale\" content=\"ca_ES\" \/>\n<meta property=\"og:type\" content=\"article\" \/>\n<meta property=\"og:title\" content=\"Pol\u00edtica de privacitat\" \/>\n<meta property=\"og:description\" content=\"A la nostra ag\u00e8ncia digital ens prenem molt seriosament les dades dels nostres clients i els drets dels usuaris web.\" \/>\n<meta property=\"og:url\" content=\"https:\/\/advertis.es\/ca\/politica-de-privacitat\/\" \/>\n<meta property=\"og:site_name\" content=\"Advertis\" \/>\n<meta property=\"article:publisher\" content=\"https:\/\/www.facebook.com\/advertispublicidad?ref=hl\" \/>\n<meta property=\"article:modified_time\" content=\"2025-09-12T09:06:04+00:00\" \/>\n<meta name=\"twitter:card\" content=\"summary_large_image\" \/>\n<meta name=\"twitter:site\" content=\"@advertisglobal\" \/>\n<script type=\"application\/ld+json\" class=\"yoast-schema-graph\">{\"@context\":\"https:\/\/schema.org\",\"@graph\":[{\"@type\":\"WebPage\",\"@id\":\"https:\/\/advertis.es\/ca\/politica-de-privacitat\/\",\"url\":\"https:\/\/advertis.es\/ca\/politica-de-privacitat\/\",\"name\":\"Pol\u00edtica de privacitat\",\"isPartOf\":{\"@id\":\"https:\/\/advertis.es\/ca\/#website\"},\"datePublished\":\"2024-09-18T13:10:53+00:00\",\"dateModified\":\"2025-09-12T09:06:04+00:00\",\"description\":\"A la nostra ag\u00e8ncia digital ens prenem molt seriosament les dades dels nostres clients i els drets dels usuaris web.\",\"breadcrumb\":{\"@id\":\"https:\/\/advertis.es\/ca\/politica-de-privacitat\/#breadcrumb\"},\"inLanguage\":\"ca\",\"potentialAction\":[{\"@type\":\"ReadAction\",\"target\":[\"https:\/\/advertis.es\/ca\/politica-de-privacitat\/\"]}]},{\"@type\":\"BreadcrumbList\",\"@id\":\"https:\/\/advertis.es\/ca\/politica-de-privacitat\/#breadcrumb\",\"itemListElement\":[{\"@type\":\"ListItem\",\"position\":1,\"name\":\"Portada\",\"item\":\"https:\/\/advertis.es\/ca\/\"},{\"@type\":\"ListItem\",\"position\":2,\"name\":\"Pol\u00edtica de privacitat\"}]},{\"@type\":\"WebSite\",\"@id\":\"https:\/\/advertis.es\/ca\/#website\",\"url\":\"https:\/\/advertis.es\/ca\/\",\"name\":\"Advertis\",\"description\":\"\",\"publisher\":{\"@id\":\"https:\/\/advertis.es\/ca\/#organization\"},\"potentialAction\":[{\"@type\":\"SearchAction\",\"target\":{\"@type\":\"EntryPoint\",\"urlTemplate\":\"https:\/\/advertis.es\/ca\/?s={search_term_string}\"},\"query-input\":{\"@type\":\"PropertyValueSpecification\",\"valueRequired\":true,\"valueName\":\"search_term_string\"}}],\"inLanguage\":\"ca\"},{\"@type\":\"Organization\",\"@id\":\"https:\/\/advertis.es\/ca\/#organization\",\"name\":\"Advertis Global SL\",\"alternateName\":\"Advertis\",\"url\":\"https:\/\/advertis.es\/ca\/\",\"logo\":{\"@type\":\"ImageObject\",\"inLanguage\":\"ca\",\"@id\":\"https:\/\/advertis.es\/ca\/#\/schema\/logo\/image\/\",\"url\":\"https:\/\/advertis.es\/wp-content\/uploads\/Group-9.svg\",\"contentUrl\":\"https:\/\/advertis.es\/wp-content\/uploads\/Group-9.svg\",\"width\":300,\"height\":44,\"caption\":\"Advertis Global SL\"},\"image\":{\"@id\":\"https:\/\/advertis.es\/ca\/#\/schema\/logo\/image\/\"},\"sameAs\":[\"https:\/\/www.facebook.com\/advertispublicidad?ref=hl\",\"https:\/\/x.com\/advertisglobal\",\"https:\/\/www.linkedin.com\/company\/advertis\"]}]}<\/script>\n<!-- \/ Yoast SEO plugin. -->","yoast_head_json":{"title":"Pol\u00edtica de privacitat","description":"A la nostra ag\u00e8ncia digital ens prenem molt seriosament les dades dels nostres clients i els drets dels usuaris web.","robots":{"index":"noindex","follow":"nofollow"},"og_locale":"ca_ES","og_type":"article","og_title":"Pol\u00edtica de privacitat","og_description":"A la nostra ag\u00e8ncia digital ens prenem molt seriosament les dades dels nostres clients i els drets dels usuaris web.","og_url":"https:\/\/advertis.es\/ca\/politica-de-privacitat\/","og_site_name":"Advertis","article_publisher":"https:\/\/www.facebook.com\/advertispublicidad?ref=hl","article_modified_time":"2025-09-12T09:06:04+00:00","twitter_card":"summary_large_image","twitter_site":"@advertisglobal","schema":{"@context":"https:\/\/schema.org","@graph":[{"@type":"WebPage","@id":"https:\/\/advertis.es\/ca\/politica-de-privacitat\/","url":"https:\/\/advertis.es\/ca\/politica-de-privacitat\/","name":"Pol\u00edtica de privacitat","isPartOf":{"@id":"https:\/\/advertis.es\/ca\/#website"},"datePublished":"2024-09-18T13:10:53+00:00","dateModified":"2025-09-12T09:06:04+00:00","description":"A la nostra ag\u00e8ncia digital ens prenem molt seriosament les dades dels nostres clients i els drets dels usuaris web.","breadcrumb":{"@id":"https:\/\/advertis.es\/ca\/politica-de-privacitat\/#breadcrumb"},"inLanguage":"ca","potentialAction":[{"@type":"ReadAction","target":["https:\/\/advertis.es\/ca\/politica-de-privacitat\/"]}]},{"@type":"BreadcrumbList","@id":"https:\/\/advertis.es\/ca\/politica-de-privacitat\/#breadcrumb","itemListElement":[{"@type":"ListItem","position":1,"name":"Portada","item":"https:\/\/advertis.es\/ca\/"},{"@type":"ListItem","position":2,"name":"Pol\u00edtica de privacitat"}]},{"@type":"WebSite","@id":"https:\/\/advertis.es\/ca\/#website","url":"https:\/\/advertis.es\/ca\/","name":"Advertis","description":"","publisher":{"@id":"https:\/\/advertis.es\/ca\/#organization"},"potentialAction":[{"@type":"SearchAction","target":{"@type":"EntryPoint","urlTemplate":"https:\/\/advertis.es\/ca\/?s={search_term_string}"},"query-input":{"@type":"PropertyValueSpecification","valueRequired":true,"valueName":"search_term_string"}}],"inLanguage":"ca"},{"@type":"Organization","@id":"https:\/\/advertis.es\/ca\/#organization","name":"Advertis Global SL","alternateName":"Advertis","url":"https:\/\/advertis.es\/ca\/","logo":{"@type":"ImageObject","inLanguage":"ca","@id":"https:\/\/advertis.es\/ca\/#\/schema\/logo\/image\/","url":"https:\/\/advertis.es\/wp-content\/uploads\/Group-9.svg","contentUrl":"https:\/\/advertis.es\/wp-content\/uploads\/Group-9.svg","width":300,"height":44,"caption":"Advertis Global SL"},"image":{"@id":"https:\/\/advertis.es\/ca\/#\/schema\/logo\/image\/"},"sameAs":["https:\/\/www.facebook.com\/advertispublicidad?ref=hl","https:\/\/x.com\/advertisglobal","https:\/\/www.linkedin.com\/company\/advertis"]}]}},"_links":{"self":[{"href":"https:\/\/advertis.es\/ca\/wp-json\/wp\/v2\/pages\/7481","targetHints":{"allow":["GET"]}}],"collection":[{"href":"https:\/\/advertis.es\/ca\/wp-json\/wp\/v2\/pages"}],"about":[{"href":"https:\/\/advertis.es\/ca\/wp-json\/wp\/v2\/types\/page"}],"author":[{"embeddable":true,"href":"https:\/\/advertis.es\/ca\/wp-json\/wp\/v2\/users\/1"}],"replies":[{"embeddable":true,"href":"https:\/\/advertis.es\/ca\/wp-json\/wp\/v2\/comments?post=7481"}],"version-history":[{"count":4,"href":"https:\/\/advertis.es\/ca\/wp-json\/wp\/v2\/pages\/7481\/revisions"}],"predecessor-version":[{"id":11650,"href":"https:\/\/advertis.es\/ca\/wp-json\/wp\/v2\/pages\/7481\/revisions\/11650"}],"wp:attachment":[{"href":"https:\/\/advertis.es\/ca\/wp-json\/wp\/v2\/media?parent=7481"}],"curies":[{"name":"wp","href":"https:\/\/api.w.org\/{rel}","templated":true}]}}