{"id":7451,"date":"2024-09-06T20:47:23","date_gmt":"2024-09-06T20:47:23","guid":{"rendered":"https:\/\/nuevawebadv.advertis.es\/contacte\/"},"modified":"2025-10-29T11:39:43","modified_gmt":"2025-10-29T11:39:43","slug":"contacte","status":"publish","type":"page","link":"https:\/\/advertis.es\/ca\/contacte\/","title":{"rendered":"Contacte"},"content":{"rendered":"\t\t<div data-elementor-type=\"wp-page\" data-elementor-id=\"7451\" class=\"elementor elementor-7451 elementor-647\" data-elementor-post-type=\"page\">\n\t\t\t\t<div class=\"elementor-element elementor-element-fb7835a e-con-full e-flex e-con e-parent\" data-id=\"fb7835a\" data-element_type=\"container\">\n\t\t<div class=\"elementor-element elementor-element-ae544e4 heading-lineas e-flex e-con-boxed e-con e-child\" data-id=\"ae544e4\" data-element_type=\"container\">\n\t\t\t\t\t<div class=\"e-con-inner\">\n\t\t\t\t<div class=\"elementor-element elementor-element-fff7306 elementor-widget__width-initial elementor-widget elementor-widget-heading\" data-id=\"fff7306\" data-element_type=\"widget\" data-widget_type=\"heading.default\">\n\t\t\t\t<div class=\"elementor-widget-container\">\n\t\t\t\t\t<h3 class=\"elementor-heading-title elementor-size-default\">Contacta amb nosaltres<\/h3>\t\t\t\t<\/div>\n\t\t\t\t<\/div>\n\t\t\t\t\t<\/div>\n\t\t\t\t<\/div>\n\t\t\t\t<\/div>\n\t\t<div class=\"elementor-element elementor-element-5d799a4 e-con-full e-flex e-con e-parent\" data-id=\"5d799a4\" data-element_type=\"container\">\n\t\t<div class=\"elementor-element elementor-element-ca63bce e-con-full e-flex e-con e-child\" data-id=\"ca63bce\" data-element_type=\"container\">\n\t\t\t\t<div class=\"elementor-element elementor-element-1399ca7 elementor-widget elementor-widget-text-editor\" data-id=\"1399ca7\" data-element_type=\"widget\" data-widget_type=\"text-editor.default\">\n\t\t\t\t<div class=\"elementor-widget-container\">\n\t\t\t\t\t\t\t\t\t<p>Parla&#8217;ns del teu projecte.<\/p>\n<p>Ens encantar\u00e0 con\u00e8ixer les teves necessitats del teu lloc web, web corporativa, web de producte o disseny de botigues en l\u00ednia, aix\u00ed com de M\u00e0rqueting Digital.<\/p>\n<p>Truca&#8217;ns o contacta a trav\u00e9s del formulari. Et donarem el nostre punt de vista sense cap comprom\u00eds. <\/p>\n\t\t\t\t\t\t\t\t<\/div>\n\t\t\t\t<\/div>\n\t\t\t\t<div class=\"elementor-element elementor-element-bc927bb elementor-widget elementor-widget-image\" data-id=\"bc927bb\" data-element_type=\"widget\" data-widget_type=\"image.default\">\n\t\t\t\t<div class=\"elementor-widget-container\">\n\t\t\t\t\t\t\t\t\t\t\t\t\t\t\t<img loading=\"lazy\" decoding=\"async\" width=\"1808\" height=\"1024\" src=\"https:\/\/advertis.es\/wp-content\/uploads\/avinguda-diagonal-de-les-glories-al-f.webp\" class=\"attachment-full size-full wp-image-5455\" alt=\"\" srcset=\"https:\/\/advertis.es\/wp-content\/uploads\/avinguda-diagonal-de-les-glories-al-f.webp 1808w, https:\/\/advertis.es\/wp-content\/uploads\/avinguda-diagonal-de-les-glories-al-f-768x435.webp 768w, https:\/\/advertis.es\/wp-content\/uploads\/avinguda-diagonal-de-les-glories-al-f-1536x870.webp 1536w\" sizes=\"auto, (max-width: 1808px) 100vw, 1808px\" \/>\t\t\t\t\t\t\t\t\t\t\t\t\t\t\t<\/div>\n\t\t\t\t<\/div>\n\t\t<div class=\"elementor-element elementor-element-dc5f95a e-con-full e-flex e-con e-child\" data-id=\"dc5f95a\" data-element_type=\"container\">\n\t\t\t\t<div class=\"elementor-element elementor-element-34c5967 elementor-widget elementor-widget-text-editor\" data-id=\"34c5967\" data-element_type=\"widget\" data-widget_type=\"text-editor.default\">\n\t\t\t\t<div class=\"elementor-widget-container\">\n\t\t\t\t\t\t\t\t\t<p><strong>Informaci\u00f3<\/strong><\/p>\n<p>Tel\u00e8fon: +<a href=\"tel:932388080\"><span style=\"text-decoration: underline;\">932 38 80 80<\/span><\/a><\/p>\n<p>Correu electr\u00f2nic: <span style=\"text-decoration: underline; color: #015a58;\"><a style=\"color: #015a58; text-decoration: underline;\" href=\"mailto:info@nal3.com\">info@n<\/a>al3.com<\/span><\/p>\n<p><strong>Adre\u00e7a<\/strong><\/p>\n<p>C\/ Balmes, 205, Principal 1a<br \/>08006 Barcelona<\/p>\n\t\t\t\t\t\t\t\t<\/div>\n\t\t\t\t<\/div>\n\t\t\t\t<\/div>\n\t\t\t\t<\/div>\n\t\t<div class=\"elementor-element elementor-element-9b1a321 e-con-full e-flex e-con e-child\" data-id=\"9b1a321\" data-element_type=\"container\">\n\t\t\t\t<div class=\"elementor-element elementor-element-dd8c37d elementor-widget elementor-widget-html\" data-id=\"dd8c37d\" data-element_type=\"widget\" data-widget_type=\"html.default\">\n\t\t\t\t<div class=\"elementor-widget-container\">\n\t\t\t\t\t<iframe src=\"https:\/\/api.leadconnectorhq.com\/widget\/form\/pfsGlwPpjCF8lTDVvn4u\" style=\"width:100%;height:100%;border:none;border-radius:4px\" id=\"inline-pfsGlwPpjCF8lTDVvn4u\" data-layout=\"{'id':'INLINE'}\" data-trigger-type=\"alwaysShow\" data-trigger-value=\"\" data-activation-type=\"alwaysActivated\" data-activation-value=\"\" data-deactivation-type=\"neverDeactivate\" data-deactivation-value=\"\" data-form-name=\"Form web Advertis\" data-height=\"1189\" data-layout-iframe-id=\"inline-pfsGlwPpjCF8lTDVvn4u\" data-form-id=\"pfsGlwPpjCF8lTDVvn4u\" title=\"Form web Advertis\">\n<\/iframe>\n<script src=\"https:\/\/link.msgsndr.com\/js\/form_embed.js\"><\/script>\t\t\t\t<\/div>\n\t\t\t\t<\/div>\n\t\t<div class=\"elementor-element elementor-element-bff0ff1 e-con-full e-flex e-con e-child\" data-id=\"bff0ff1\" data-element_type=\"container\">\n\t\t\t\t<div class=\"elementor-element elementor-element-7b2c048 elementor-widget elementor-widget-text-editor\" data-id=\"7b2c048\" data-element_type=\"widget\" data-widget_type=\"text-editor.default\">\n\t\t\t\t<div class=\"elementor-widget-container\">\n\t\t\t\t\t\t\t\t\t<p><span style=\"font-weight: bolder;\">Prefereixes concertar una videoreuni\u00f3 amb nosaltres?<\/span><br \/>Fes clic a la nostra agenda de cites online i ens reunirem el dia i l&#8217;hora que desitgis, sense cap comprom\u00eds.<\/p>\n\t\t\t\t\t\t\t\t<\/div>\n\t\t\t\t<\/div>\n\t\t\t\t<div class=\"elementor-element elementor-element-f5ddc66 elementor-widget elementor-widget-button\" data-id=\"f5ddc66\" data-element_type=\"widget\" data-widget_type=\"button.default\">\n\t\t\t\t<div class=\"elementor-widget-container\">\n\t\t\t\t\t\t\t\t\t<div class=\"elementor-button-wrapper\">\n\t\t\t\t\t<a class=\"elementor-button elementor-button-link elementor-size-sm\" href=\"https:\/\/calendly.com\/xfolguera\" target=\"_blank\">\n\t\t\t\t\t\t<span class=\"elementor-button-content-wrapper\">\n\t\t\t\t\t\t\t\t\t<span class=\"elementor-button-text\">Agenda Online<\/span>\n\t\t\t\t\t<\/span>\n\t\t\t\t\t<\/a>\n\t\t\t\t<\/div>\n\t\t\t\t\t\t\t\t<\/div>\n\t\t\t\t<\/div>\n\t\t\t\t<\/div>\n\t\t\t\t<\/div>\n\t\t\t\t<\/div>\n\t\t<div class=\"elementor-element elementor-element-23f1381 e-con-full e-flex e-con e-parent\" data-id=\"23f1381\" data-element_type=\"container\">\n\t\t\t\t<div class=\"elementor-element elementor-element-cfad53c elementor-widget elementor-widget-google_maps\" data-id=\"cfad53c\" data-element_type=\"widget\" data-widget_type=\"google_maps.default\">\n\t\t\t\t<div class=\"elementor-widget-container\">\n\t\t\t\t\t\t\t<div class=\"elementor-custom-embed\">\n\t\t\t<iframe loading=\"lazy\"\n\t\t\t\t\tsrc=\"https:\/\/maps.google.com\/maps?q=nal3&#038;t=m&#038;z=18&#038;output=embed&#038;iwloc=near\"\n\t\t\t\t\ttitle=\"nal3\"\n\t\t\t\t\taria-label=\"nal3\"\n\t\t\t><\/iframe>\n\t\t<\/div>\n\t\t\t\t\t\t<\/div>\n\t\t\t\t<\/div>\n\t\t\t\t<\/div>\n\t\t\t\t<\/div>\n\t\t","protected":false},"excerpt":{"rendered":"<p>Contacta amb nosaltres Parla&#8217;ns del teu projecte. Ens encantar\u00e0 con\u00e8ixer les teves necessitats del teu lloc web, web corporativa, web de producte o disseny de botigues en l\u00ednia, aix\u00ed com de M\u00e0rqueting Digital. Truca&#8217;ns o contacta a trav\u00e9s del formulari. Et donarem el nostre punt de vista sense cap comprom\u00eds. Informaci\u00f3 Tel\u00e8fon: +932 38 80 [&hellip;]<\/p>\n","protected":false},"author":2,"featured_media":0,"parent":0,"menu_order":0,"comment_status":"closed","ping_status":"closed","template":"","meta":{"_acf_changed":false,"footnotes":""},"class_list":["post-7451","page","type-page","status-publish","hentry"],"acf":[],"yoast_head":"<!-- This site is optimized with the Yoast SEO plugin v24.2 - https:\/\/yoast.com\/wordpress\/plugins\/seo\/ -->\n<title>Contacte d&#039;Advertis<\/title>\n<meta name=\"description\" content=\"Parla&#039;ns del teu projecte. Ens encantar\u00e0 con\u00e8ixer les teves necessitats del teu lloc web, web corporativa o botiga online, i M\u00e0rqueting Digital.\" \/>\n<meta name=\"robots\" content=\"index, follow, max-snippet:-1, max-image-preview:large, max-video-preview:-1\" \/>\n<link rel=\"canonical\" href=\"https:\/\/advertis.es\/ca\/contacte\/\" \/>\n<meta property=\"og:locale\" content=\"ca_ES\" \/>\n<meta property=\"og:type\" content=\"article\" \/>\n<meta property=\"og:title\" content=\"Contacte d&#039;Advertis\" \/>\n<meta property=\"og:description\" content=\"Parla&#039;ns del teu projecte. Ens encantar\u00e0 con\u00e8ixer les teves necessitats del teu lloc web, web corporativa o botiga online, i M\u00e0rqueting Digital.\" \/>\n<meta property=\"og:url\" content=\"https:\/\/advertis.es\/ca\/contacte\/\" \/>\n<meta property=\"og:site_name\" content=\"Advertis\" \/>\n<meta property=\"article:publisher\" content=\"https:\/\/www.facebook.com\/advertispublicidad?ref=hl\" \/>\n<meta property=\"article:modified_time\" content=\"2025-10-29T11:39:43+00:00\" \/>\n<meta property=\"og:image\" content=\"https:\/\/advertis.es\/wp-content\/uploads\/avinguda-diagonal-de-les-glories-al-f.webp\" \/>\n\t<meta property=\"og:image:width\" content=\"1808\" \/>\n\t<meta property=\"og:image:height\" content=\"1024\" \/>\n\t<meta property=\"og:image:type\" content=\"image\/webp\" \/>\n<meta name=\"twitter:card\" content=\"summary_large_image\" \/>\n<meta name=\"twitter:site\" content=\"@advertisglobal\" \/>\n<script type=\"application\/ld+json\" class=\"yoast-schema-graph\">{\"@context\":\"https:\/\/schema.org\",\"@graph\":[{\"@type\":\"WebPage\",\"@id\":\"https:\/\/advertis.es\/ca\/contacte\/\",\"url\":\"https:\/\/advertis.es\/ca\/contacte\/\",\"name\":\"Contacte d'Advertis\",\"isPartOf\":{\"@id\":\"https:\/\/advertis.es\/ca\/#website\"},\"primaryImageOfPage\":{\"@id\":\"https:\/\/advertis.es\/ca\/contacte\/#primaryimage\"},\"image\":{\"@id\":\"https:\/\/advertis.es\/ca\/contacte\/#primaryimage\"},\"thumbnailUrl\":\"https:\/\/advertis.es\/wp-content\/uploads\/avinguda-diagonal-de-les-glories-al-f.webp\",\"datePublished\":\"2024-09-06T20:47:23+00:00\",\"dateModified\":\"2025-10-29T11:39:43+00:00\",\"description\":\"Parla'ns del teu projecte. Ens encantar\u00e0 con\u00e8ixer les teves necessitats del teu lloc web, web corporativa o botiga online, i M\u00e0rqueting Digital.\",\"breadcrumb\":{\"@id\":\"https:\/\/advertis.es\/ca\/contacte\/#breadcrumb\"},\"inLanguage\":\"ca\",\"potentialAction\":[{\"@type\":\"ReadAction\",\"target\":[\"https:\/\/advertis.es\/ca\/contacte\/\"]}]},{\"@type\":\"ImageObject\",\"inLanguage\":\"ca\",\"@id\":\"https:\/\/advertis.es\/ca\/contacte\/#primaryimage\",\"url\":\"https:\/\/advertis.es\/wp-content\/uploads\/avinguda-diagonal-de-les-glories-al-f.webp\",\"contentUrl\":\"https:\/\/advertis.es\/wp-content\/uploads\/avinguda-diagonal-de-les-glories-al-f.webp\"},{\"@type\":\"BreadcrumbList\",\"@id\":\"https:\/\/advertis.es\/ca\/contacte\/#breadcrumb\",\"itemListElement\":[{\"@type\":\"ListItem\",\"position\":1,\"name\":\"Portada\",\"item\":\"https:\/\/advertis.es\/ca\/\"},{\"@type\":\"ListItem\",\"position\":2,\"name\":\"Contacte\"}]},{\"@type\":\"WebSite\",\"@id\":\"https:\/\/advertis.es\/ca\/#website\",\"url\":\"https:\/\/advertis.es\/ca\/\",\"name\":\"Advertis\",\"description\":\"\",\"publisher\":{\"@id\":\"https:\/\/advertis.es\/ca\/#organization\"},\"potentialAction\":[{\"@type\":\"SearchAction\",\"target\":{\"@type\":\"EntryPoint\",\"urlTemplate\":\"https:\/\/advertis.es\/ca\/?s={search_term_string}\"},\"query-input\":{\"@type\":\"PropertyValueSpecification\",\"valueRequired\":true,\"valueName\":\"search_term_string\"}}],\"inLanguage\":\"ca\"},{\"@type\":\"Organization\",\"@id\":\"https:\/\/advertis.es\/ca\/#organization\",\"name\":\"Advertis Global SL\",\"alternateName\":\"Advertis\",\"url\":\"https:\/\/advertis.es\/ca\/\",\"logo\":{\"@type\":\"ImageObject\",\"inLanguage\":\"ca\",\"@id\":\"https:\/\/advertis.es\/ca\/#\/schema\/logo\/image\/\",\"url\":\"https:\/\/advertis.es\/wp-content\/uploads\/Group-9.svg\",\"contentUrl\":\"https:\/\/advertis.es\/wp-content\/uploads\/Group-9.svg\",\"width\":300,\"height\":44,\"caption\":\"Advertis Global SL\"},\"image\":{\"@id\":\"https:\/\/advertis.es\/ca\/#\/schema\/logo\/image\/\"},\"sameAs\":[\"https:\/\/www.facebook.com\/advertispublicidad?ref=hl\",\"https:\/\/x.com\/advertisglobal\",\"https:\/\/www.linkedin.com\/company\/advertis\"]}]}<\/script>\n<!-- \/ Yoast SEO plugin. -->","yoast_head_json":{"title":"Contacte d'Advertis","description":"Parla'ns del teu projecte. Ens encantar\u00e0 con\u00e8ixer les teves necessitats del teu lloc web, web corporativa o botiga online, i M\u00e0rqueting Digital.","robots":{"index":"index","follow":"follow","max-snippet":"max-snippet:-1","max-image-preview":"max-image-preview:large","max-video-preview":"max-video-preview:-1"},"canonical":"https:\/\/advertis.es\/ca\/contacte\/","og_locale":"ca_ES","og_type":"article","og_title":"Contacte d'Advertis","og_description":"Parla'ns del teu projecte. Ens encantar\u00e0 con\u00e8ixer les teves necessitats del teu lloc web, web corporativa o botiga online, i M\u00e0rqueting Digital.","og_url":"https:\/\/advertis.es\/ca\/contacte\/","og_site_name":"Advertis","article_publisher":"https:\/\/www.facebook.com\/advertispublicidad?ref=hl","article_modified_time":"2025-10-29T11:39:43+00:00","og_image":[{"width":1808,"height":1024,"url":"https:\/\/advertis.es\/wp-content\/uploads\/avinguda-diagonal-de-les-glories-al-f.webp","type":"image\/webp"}],"twitter_card":"summary_large_image","twitter_site":"@advertisglobal","schema":{"@context":"https:\/\/schema.org","@graph":[{"@type":"WebPage","@id":"https:\/\/advertis.es\/ca\/contacte\/","url":"https:\/\/advertis.es\/ca\/contacte\/","name":"Contacte d'Advertis","isPartOf":{"@id":"https:\/\/advertis.es\/ca\/#website"},"primaryImageOfPage":{"@id":"https:\/\/advertis.es\/ca\/contacte\/#primaryimage"},"image":{"@id":"https:\/\/advertis.es\/ca\/contacte\/#primaryimage"},"thumbnailUrl":"https:\/\/advertis.es\/wp-content\/uploads\/avinguda-diagonal-de-les-glories-al-f.webp","datePublished":"2024-09-06T20:47:23+00:00","dateModified":"2025-10-29T11:39:43+00:00","description":"Parla'ns del teu projecte. Ens encantar\u00e0 con\u00e8ixer les teves necessitats del teu lloc web, web corporativa o botiga online, i M\u00e0rqueting Digital.","breadcrumb":{"@id":"https:\/\/advertis.es\/ca\/contacte\/#breadcrumb"},"inLanguage":"ca","potentialAction":[{"@type":"ReadAction","target":["https:\/\/advertis.es\/ca\/contacte\/"]}]},{"@type":"ImageObject","inLanguage":"ca","@id":"https:\/\/advertis.es\/ca\/contacte\/#primaryimage","url":"https:\/\/advertis.es\/wp-content\/uploads\/avinguda-diagonal-de-les-glories-al-f.webp","contentUrl":"https:\/\/advertis.es\/wp-content\/uploads\/avinguda-diagonal-de-les-glories-al-f.webp"},{"@type":"BreadcrumbList","@id":"https:\/\/advertis.es\/ca\/contacte\/#breadcrumb","itemListElement":[{"@type":"ListItem","position":1,"name":"Portada","item":"https:\/\/advertis.es\/ca\/"},{"@type":"ListItem","position":2,"name":"Contacte"}]},{"@type":"WebSite","@id":"https:\/\/advertis.es\/ca\/#website","url":"https:\/\/advertis.es\/ca\/","name":"Advertis","description":"","publisher":{"@id":"https:\/\/advertis.es\/ca\/#organization"},"potentialAction":[{"@type":"SearchAction","target":{"@type":"EntryPoint","urlTemplate":"https:\/\/advertis.es\/ca\/?s={search_term_string}"},"query-input":{"@type":"PropertyValueSpecification","valueRequired":true,"valueName":"search_term_string"}}],"inLanguage":"ca"},{"@type":"Organization","@id":"https:\/\/advertis.es\/ca\/#organization","name":"Advertis Global SL","alternateName":"Advertis","url":"https:\/\/advertis.es\/ca\/","logo":{"@type":"ImageObject","inLanguage":"ca","@id":"https:\/\/advertis.es\/ca\/#\/schema\/logo\/image\/","url":"https:\/\/advertis.es\/wp-content\/uploads\/Group-9.svg","contentUrl":"https:\/\/advertis.es\/wp-content\/uploads\/Group-9.svg","width":300,"height":44,"caption":"Advertis Global SL"},"image":{"@id":"https:\/\/advertis.es\/ca\/#\/schema\/logo\/image\/"},"sameAs":["https:\/\/www.facebook.com\/advertispublicidad?ref=hl","https:\/\/x.com\/advertisglobal","https:\/\/www.linkedin.com\/company\/advertis"]}]}},"_links":{"self":[{"href":"https:\/\/advertis.es\/ca\/wp-json\/wp\/v2\/pages\/7451","targetHints":{"allow":["GET"]}}],"collection":[{"href":"https:\/\/advertis.es\/ca\/wp-json\/wp\/v2\/pages"}],"about":[{"href":"https:\/\/advertis.es\/ca\/wp-json\/wp\/v2\/types\/page"}],"author":[{"embeddable":true,"href":"https:\/\/advertis.es\/ca\/wp-json\/wp\/v2\/users\/2"}],"replies":[{"embeddable":true,"href":"https:\/\/advertis.es\/ca\/wp-json\/wp\/v2\/comments?post=7451"}],"version-history":[{"count":9,"href":"https:\/\/advertis.es\/ca\/wp-json\/wp\/v2\/pages\/7451\/revisions"}],"predecessor-version":[{"id":11744,"href":"https:\/\/advertis.es\/ca\/wp-json\/wp\/v2\/pages\/7451\/revisions\/11744"}],"wp:attachment":[{"href":"https:\/\/advertis.es\/ca\/wp-json\/wp\/v2\/media?parent=7451"}],"curies":[{"name":"wp","href":"https:\/\/api.w.org\/{rel}","templated":true}]}}